{"id":504,"date":"2019-12-02T19:42:54","date_gmt":"2019-12-02T19:42:54","guid":{"rendered":"https:\/\/schettini.eng.br\/web\/?page_id=504"},"modified":"2020-03-02T15:44:14","modified_gmt":"2020-03-02T19:44:14","slug":"servicos","status":"publish","type":"page","link":"https:\/\/schettini.eng.br\/web\/servicos\/","title":{"rendered":"Servi\u00e7os"},"content":{"rendered":"<p>[et_pb_section fb_built=&#8221;1&#8243; fullwidth=&#8221;on&#8221; _builder_version=&#8221;4.2.2&#8243; background_color=&#8221;#ab1a1e&#8221; hover_enabled=&#8221;0&#8243; max_height=&#8221;110px&#8221; custom_padding=&#8221;||||false|false&#8221; custom_margin=&#8221;-40px||||false|false&#8221;][et_pb_fullwidth_header title=&#8221;Nossos Servi\u00e7os&#8221; _builder_version=&#8221;4.2.2&#8243; background_enable_color=&#8221;off&#8221; background_image=&#8221;https:\/\/schettini.eng.br\/web\/wp-content\/uploads\/2020\/02\/pixel-bg2.jpg&#8221; background_size=&#8221;initial&#8221; background_repeat=&#8221;repeat&#8221;][\/et_pb_fullwidth_header][\/et_pb_section][et_pb_section fb_built=&#8221;1&#8243; _builder_version=&#8221;3.25.4&#8243; custom_margin=&#8221;||&#8221;][et_pb_row column_structure=&#8221;1_2,1_2&#8243; module_id=&#8221;requalificacao-viaria-mobilidade-urbana&#8221; _builder_version=&#8221;4.2.2&#8243; hover_enabled=&#8221;0&#8243;][et_pb_column type=&#8221;1_2&#8243; _builder_version=&#8221;3.25.4&#8243;][et_pb_text _builder_version=&#8221;3.27.4&#8243;]<\/p>\n<h3 style=\"text-align: justify;\"><strong>Requalifica\u00e7\u00e3o Vi\u00e1ria<\/strong><\/h3>\n<p style=\"text-align: justify;\">O termo &#8220;requalifica\u00e7\u00e3o&#8221; para interven\u00e7\u00e3o urbana, surge na d\u00e9cada de 90, caracterizado por reestrutura\u00e7\u00f5es em larga escala, transformando a malha vi\u00e1ria e conservando o patrim\u00f4nio hist\u00f3rico, ambiental e socioecon\u00f4mico dos munic\u00edpios. A experi\u00eancia adquirida pela Schettini Engenharia nessa \u00e1rea envolve o reordenamento vi\u00e1rio, a prote\u00e7\u00e3o e a recupera\u00e7\u00e3o de centros urbanos. O conceito base desses projetos prov\u00e9m de uma pol\u00edtica de centraliza\u00e7\u00e3o urbana, proporcionando uma reintrodu\u00e7\u00e3o de atividades nesses locais, atrav\u00e9s de um ambiente mais contempor\u00e2neo e com melhor qualidade de vida.<\/p>\n<p style=\"text-align: justify;\">\n<p>[\/et_pb_text][\/et_pb_column][et_pb_column type=&#8221;1_2&#8243; _builder_version=&#8221;3.25.4&#8243;][et_pb_image src=&#8221;https:\/\/schettini.eng.br\/web\/wp-content\/uploads\/2019\/12\/via-morena.jpg&#8221; force_fullwidth=&#8221;on&#8221; _builder_version=&#8221;3.25.4&#8243; border_radii=&#8221;on|5px|5px|5px|5px&#8221;][\/et_pb_image][\/et_pb_column][\/et_pb_row][et_pb_row _builder_version=&#8221;3.25.4&#8243;][et_pb_column type=&#8221;4_4&#8243; _builder_version=&#8221;3.25.4&#8243;][et_pb_text _builder_version=&#8221;3.27.4&#8243;]<\/p>\n<p style=\"text-align: justify;\">\n<blockquote>\n<h3>Capacidade de<strong> transformar comunidades<\/strong>\u00a0e melhorar a qualidade de vida das pessoas.<\/h3>\n<\/blockquote>\n<p style=\"text-align: justify;\">\n<p>[\/et_pb_text][\/et_pb_column][\/et_pb_row][et_pb_row column_structure=&#8221;1_2,1_2&#8243; _builder_version=&#8221;3.25.4&#8243;][et_pb_column type=&#8221;1_2&#8243; _builder_version=&#8221;3.25.4&#8243;][et_pb_text _builder_version=&#8221;3.27.4&#8243;]<\/p>\n<p>\u00a0<strong style=\"color: #333333; font-size: 22px;\">Mobilidade Urbana<\/strong><\/p>\n<p style=\"text-align: justify;\">A mobilidade urbana tem como desafio a supera\u00e7\u00e3o do modelo centrado no transporte motorizado individual e a necessidade de solu\u00e7\u00f5es alternativas para congestionamentos, que tradicionalmente se caracteriza pelo aumento da capacidade vi\u00e1ria. A Schettini Engenharia desenvolveu um extenso conhecimento sobre esse tema atrav\u00e9s de diversas obras concebidas. A vis\u00e3o da empresa consiste em planejar interven\u00e7\u00f5es estruturantes que possibilitem a integra\u00e7\u00e3o dos modos e servi\u00e7os de transporte urbano, priorizando espa\u00e7os exclusivos nas vias p\u00fablicas para transporte p\u00fablico coletivo e modos de transporte n\u00e3o motorizados.<\/p>\n<p style=\"text-align: justify;\">\n<p>[\/et_pb_text][\/et_pb_column][et_pb_column type=&#8221;1_2&#8243; _builder_version=&#8221;3.25.4&#8243;][et_pb_image src=&#8221;https:\/\/schettini.eng.br\/web\/wp-content\/uploads\/2019\/10\/sanf-revitalizacao-14-de-julho.jpg&#8221; _builder_version=&#8221;3.25.4&#8243; border_radii=&#8221;on|5px|5px|5px|5px&#8221;][\/et_pb_image][\/et_pb_column][\/et_pb_row][et_pb_row column_structure=&#8221;1_2,1_2&#8243; module_id=&#8221;urbanizacao-fundo-de-vale&#8221; _builder_version=&#8221;4.2.2&#8243; hover_enabled=&#8221;0&#8243;][et_pb_column type=&#8221;1_2&#8243; _builder_version=&#8221;3.25.4&#8243;][et_pb_text _builder_version=&#8221;3.27.4&#8243;]<\/p>\n<p>\u00a0<strong style=\"color: #333333; font-size: 22px;\">Urbaniza\u00e7\u00e3o de Fundo de Vale<\/strong><\/p>\n<p style=\"text-align: justify;\">A falta de integra\u00e7\u00e3o das pol\u00edticas p\u00fablicas de urbaniza\u00e7\u00e3o de fundos de vale em gest\u00f5es passadas gerou regi\u00f5es de alto risco de enchentes e em descompasso com a preserva\u00e7\u00e3o dos cursos d&#8217;\u00e1gua e nascentes, provocando preju\u00edzos ambientais e socioecon\u00f4micos. Esse tipo de interven\u00e7\u00e3o prev\u00ea a implanta\u00e7\u00e3o de parques lineares, sistemas de controle de vaz\u00e3o, tais como bacias de amortecimento, sedimenta\u00e7\u00e3o ou barragens, sistemas de mobilidade urbana e outras que reconstruam e transformem o conv\u00edvio da popula\u00e7\u00e3o em rela\u00e7\u00e3o \u00e0 cidade, com condi\u00e7\u00f5es de desenvolvimento sustent\u00e1vel e educa\u00e7\u00e3o ambiental.<\/p>\n<p style=\"text-align: justify;\">\n<p>[\/et_pb_text][\/et_pb_column][et_pb_column type=&#8221;1_2&#8243; _builder_version=&#8221;3.25.4&#8243;][et_pb_image src=&#8221;https:\/\/schettini.eng.br\/web\/wp-content\/uploads\/2019\/12\/praca-das-aguas.jpg&#8221; force_fullwidth=&#8221;on&#8221; _builder_version=&#8221;3.25.4&#8243; border_radii=&#8221;on|5px|5px|5px|5px&#8221;][\/et_pb_image][\/et_pb_column][\/et_pb_row][et_pb_row _builder_version=&#8221;3.25.4&#8243;][et_pb_column type=&#8221;4_4&#8243; _builder_version=&#8221;3.25.4&#8243;][et_pb_text _builder_version=&#8221;3.27.4&#8243;]<\/p>\n<blockquote>\n<h3>Solu\u00e7\u00f5es eficientes, com<strong>\u00a0baixo custo operacional e economicidade.<\/strong><\/h3>\n<\/blockquote>\n<p>[\/et_pb_text][\/et_pb_column][\/et_pb_row][et_pb_row column_structure=&#8221;1_2,1_2&#8243; module_id=&#8221;infraestrutura-urbana&#8221; _builder_version=&#8221;3.25.4&#8243; hover_enabled=&#8221;0&#8243;][et_pb_column type=&#8221;1_2&#8243; _builder_version=&#8221;3.25.4&#8243;][et_pb_text _builder_version=&#8221;3.27.4&#8243;]<\/p>\n<p><strong style=\"color: #333333; font-size: 22px;\">Infraestrutura e Urbaniza\u00e7\u00e3o<\/strong><\/p>\n<p style=\"text-align: justify;\">As pol\u00edticas de gest\u00e3o p\u00fablica t\u00eam como desafio a an\u00e1lise multidisciplinar para os desafios da urbaniza\u00e7\u00e3o sustent\u00e1vel e para as solu\u00e7\u00f5es de problemas cr\u00f4nicos de d\u00e9cadas de pol\u00edticas p\u00fablicas anteriores \u00e0s leis de uso do solo, planos diretores de drenagem e de mobilidade. A Schettini Engenharia tem em seus projetos a busca por solu\u00e7\u00f5es inovadoras e, mesmo em situa\u00e7\u00f5es tradicionais, coloca em pr\u00e1tica t\u00e9cnicas espec\u00edficas e modernas. Trata-se de consultoria para sistemas vi\u00e1rio, mobilidade, drenagem, pontes e viadutos, conten\u00e7\u00e3o de encostas e taludes entre outros, com o desenvolvimento de estudos t\u00e9cnicos, planejamento, projetos b\u00e1sicos e projetos executivos.<\/p>\n<p style=\"text-align: justify;\">[\/et_pb_text][\/et_pb_column][et_pb_column type=&#8221;1_2&#8243; _builder_version=&#8221;3.25.4&#8243;][et_pb_image src=&#8221;https:\/\/schettini.eng.br\/web\/wp-content\/uploads\/2019\/12\/reordenamento-viario.jpg&#8221; force_fullwidth=&#8221;on&#8221; _builder_version=&#8221;3.25.4&#8243; border_radii=&#8221;on|5px|5px|5px|5px&#8221;][\/et_pb_image][\/et_pb_column][\/et_pb_row][et_pb_row column_structure=&#8221;1_2,1_2&#8243; module_id=&#8221;meio-ambiente-e-saneamento&#8221; _builder_version=&#8221;3.25.4&#8243; hover_enabled=&#8221;0&#8243;][et_pb_column type=&#8221;1_2&#8243; _builder_version=&#8221;3.25.4&#8243;][et_pb_text _builder_version=&#8221;3.27.4&#8243;]<\/p>\n<p><strong style=\"color: #333333; font-size: 22px;\">Meio Ambiente e Saneamento<\/strong><\/p>\n<p style=\"text-align: justify;\">Conforme as diretrizes do Minist\u00e9rio do Meio Ambiente, as pol\u00edticas p\u00fablicas do Brasil est\u00e3o voltadas \u00e0 recupera\u00e7\u00e3o, conserva\u00e7\u00e3o e sustentabilidade ambiental, como tamb\u00e9m a gest\u00e3o de recursos h\u00eddricos com foco na preven\u00e7\u00e3o e defesa contra eventos hidrol\u00f3gicos (chuvas, secas e enchentes). Outro ponto importante \u00e9 a destina\u00e7\u00e3o dos res\u00edduos s\u00f3lidos, premissa para uma cidade sustent\u00e1vel. O manejo de res\u00edduos s\u00f3lidos tem como pilar o princ\u00edpio da responsabilidade compartilhada, ou seja, ind\u00fastrias, distribuidores e varejistas, prefeituras e consumidores s\u00e3o respons\u00e1veis pela destina\u00e7\u00e3o final adequada de seus res\u00edduos s\u00f3lidos. O comprometimento da Schettini Engenharia com solu\u00e7\u00f5es que agreguem os valores ambientais impacta em todas as decis\u00f5es nas \u00e1reas de transporte, drenagem urbana e urbaniza\u00e7\u00e3o, especialmente nos fundos de vale. As medidas mitigadoras de \u00e1reas de vulnerabilidade ambiental consistem em a\u00e7\u00f5es que conservem e reconstituam as condi\u00e7\u00f5es necess\u00e1rias ao equil\u00edbrio ecol\u00f3gico das \u00e1reas de interven\u00e7\u00e3o.<\/p>\n<p style=\"text-align: justify;\">[\/et_pb_text][\/et_pb_column][et_pb_column type=&#8221;1_2&#8243; _builder_version=&#8221;3.25.4&#8243;][et_pb_image src=&#8221;https:\/\/schettini.eng.br\/web\/wp-content\/uploads\/2019\/12\/meio-ambiente-saneamento.jpg&#8221; force_fullwidth=&#8221;on&#8221; _builder_version=&#8221;3.25.4&#8243; border_radii=&#8221;on|5px|5px|5px|5px&#8221;][\/et_pb_image][\/et_pb_column][\/et_pb_row][\/et_pb_section][et_pb_section fb_built=&#8221;1&#8243; _builder_version=&#8221;3.25.4&#8243; background_color=&#8221;#5e0000&#8243; custom_margin=&#8221;-3px|||||&#8221; global_module=&#8221;517&#8243;][et_pb_row column_structure=&#8221;1_4,1_4,1_4,1_4&#8243; _builder_version=&#8221;3.25.4&#8243;][et_pb_column type=&#8221;1_4&#8243; _builder_version=&#8221;3.25.4&#8243;][et_pb_image src=&#8221;https:\/\/schettini.eng.br\/web\/wp-content\/uploads\/2019\/07\/selo-schettini-cinza.png&#8221; _builder_version=&#8221;3.25.4&#8243;][\/et_pb_image][\/et_pb_column][et_pb_column type=&#8221;1_4&#8243; _builder_version=&#8221;3.25.4&#8243;][et_pb_text _builder_version=&#8221;3.27.4&#8243; header_4_font=&#8221;||||||||&#8221; header_4_text_color=&#8221;#aaaaaa&#8221;]<\/p>\n<h4><span style=\"color: #ffffff;\"><strong>Schettini Engenharia<\/strong><\/span><\/h4>\n<p><span style=\"color: #ffffff;\"><strong>Gern\u00eancia de Projetos e Servi\u00e7os de Engenharia de infraestrutura, saneamento e tecnologia.<\/strong><\/span><\/p>\n<p>[\/et_pb_text][\/et_pb_column][et_pb_column type=&#8221;1_4&#8243; _builder_version=&#8221;3.25.4&#8243;][et_pb_text _builder_version=&#8221;3.27.4&#8243; header_4_font=&#8221;||||||||&#8221; header_4_text_color=&#8221;#aaaaaa&#8221;]<\/p>\n<h4><span style=\"color: #ffffff;\"><strong>Endere\u00e7o<\/strong><\/span><\/h4>\n<p><span style=\"color: #ffffff;\"><strong>R. Dr. Paulo Machado (Antiga Furnas), 1092,\u00a0Jd. Autonomista<br \/>CEP 79021-300<br \/>Campo Grande MS.<\/strong><\/span><\/p>\n<p>[\/et_pb_text][\/et_pb_column][et_pb_column type=&#8221;1_4&#8243; _builder_version=&#8221;3.25.4&#8243;][et_pb_text _builder_version=&#8221;3.27.4&#8243; header_4_font=&#8221;||||||||&#8221; header_4_text_color=&#8221;#aaaaaa&#8221;]<\/p>\n<h4><span style=\"color: #ffffff;\"><strong>Expediente<\/strong><\/span><\/h4>\n<p><span style=\"color: #ffffff;\"><strong>Seg-Sex<br \/> <\/strong><strong>das 8 \u00e0s 12H<br \/>e das 14 \u00e0s 18H<\/strong><\/span><\/p>\n<p>[\/et_pb_text][\/et_pb_column][\/et_pb_row][\/et_pb_section]<\/p>\n","protected":false},"excerpt":{"rendered":"<p>Requalifica\u00e7\u00e3o Vi\u00e1ria O termo &#8220;requalifica\u00e7\u00e3o&#8221; para interven\u00e7\u00e3o urbana, surge na d\u00e9cada de 90, caracterizado por reestrutura\u00e7\u00f5es em larga escala, transformando a malha vi\u00e1ria e conservando o patrim\u00f4nio hist\u00f3rico, ambiental e socioecon\u00f4mico dos munic\u00edpios. A experi\u00eancia adquirida pela Schettini Engenharia nessa \u00e1rea envolve o reordenamento vi\u00e1rio, a prote\u00e7\u00e3o e a recupera\u00e7\u00e3o de centros urbanos. O conceito [&hellip;]<\/p>\n","protected":false},"author":1,"featured_media":0,"parent":0,"menu_order":0,"comment_status":"closed","ping_status":"closed","template":"","meta":{"_et_pb_use_builder":"on","_et_pb_old_content":"","_et_gb_content_width":"","footnotes":""},"class_list":["post-504","page","type-page","status-publish","hentry"],"_links":{"self":[{"href":"https:\/\/schettini.eng.br\/web\/wp-json\/wp\/v2\/pages\/504","targetHints":{"allow":["GET"]}}],"collection":[{"href":"https:\/\/schettini.eng.br\/web\/wp-json\/wp\/v2\/pages"}],"about":[{"href":"https:\/\/schettini.eng.br\/web\/wp-json\/wp\/v2\/types\/page"}],"author":[{"embeddable":true,"href":"https:\/\/schettini.eng.br\/web\/wp-json\/wp\/v2\/users\/1"}],"replies":[{"embeddable":true,"href":"https:\/\/schettini.eng.br\/web\/wp-json\/wp\/v2\/comments?post=504"}],"version-history":[{"count":9,"href":"https:\/\/schettini.eng.br\/web\/wp-json\/wp\/v2\/pages\/504\/revisions"}],"predecessor-version":[{"id":723,"href":"https:\/\/schettini.eng.br\/web\/wp-json\/wp\/v2\/pages\/504\/revisions\/723"}],"wp:attachment":[{"href":"https:\/\/schettini.eng.br\/web\/wp-json\/wp\/v2\/media?parent=504"}],"curies":[{"name":"wp","href":"https:\/\/api.w.org\/{rel}","templated":true}]}}